{"id":115,"date":"2023-06-01T17:59:46","date_gmt":"2023-06-01T17:59:46","guid":{"rendered":"https:\/\/chaireunesco.iut.u-bordeaux-montaigne.fr\/?page_id=115"},"modified":"2024-09-23T18:33:18","modified_gmt":"2024-09-23T18:33:18","slug":"actualites-des-partenaires","status":"publish","type":"page","link":"https:\/\/chaireunesco.iut.u-bordeaux-montaigne.fr\/index.php\/actualites-des-partenaires\/","title":{"rendered":"Actualit\u00e9s des partenaires"},"content":{"rendered":"\n<p><strong>Le Mouvement pour une Alternative Non-violente (MAN) f\u00eate ses 50 ans. <\/strong><\/p>\n\n\n\n<p><strong>Un colloque se tiendra \u00e0 cette occasion le jeudi 14 novembre 2024 de 13h45 \u00e0 18h30 \u00e0 l\u2019Assembl\u00e9e nationale&nbsp;(Paris &#8211; France) sur le th\u00e8me : \u00ab&nbsp;La non-violence politique pour transformer la soci\u00e9t\u00e9&nbsp;\u00bb.<\/strong><\/p>\n\n\n\n<p>Cette ann\u00e9e 2024 est une ann\u00e9e particuli\u00e8re pour le MAN qui souffle ses cinquante bougies\u2026 F\u00eater cinq d\u00e9cennies d\u2019action et de r\u00e9flexion au service la non-violence politique n\u2019est pas un \u00e9v\u00e9nement anodin dans la soci\u00e9t\u00e9 actuelle. <\/p>\n\n\n\n<p>Le colloque aura pour objet non pas de retracer l\u2019histoire du MAN mais de mettre en lumi\u00e8re ce que la non-violence a \u00e0 dire aujourd\u2019hui.<\/p>\n\n\n\n<p>Entre interventions liminaires avec des experts de la non-violence pour apporter de la mati\u00e8re de fond, et tables rondes avec des personnalit\u00e9s issues de diff\u00e9rents milieux pour apporter du d\u00e9bat, cette demi-journ\u00e9e s\u2019annonce riche en enseignements. <\/p>\n\n\n\n<p>La chaire ISNoV sera repr\u00e9sent\u00e9e lors de cet \u00e9v\u00e9nement \u00e0 travers une conf\u00e9rence sur l&rsquo;intervention sociale non-violente et avec la participation &#8211; rendue possible gr\u00e2ce \u00e0 l&rsquo;\u00e9quipe organisatrice du MAN &#8211; de 30 \u00e9tudiant.e.s bordelais dans le cadre d&rsquo;une semaine th\u00e9matique sur les modes d&rsquo;intervention sociale et socioculturelle non-violente mise en place \u00e0 l&rsquo;IUT Bordeaux Montaigne pour le cursus de 3<sup>\u00e8me<\/sup> ann\u00e9e du Bachelor Universitaire de Technologie en Animation Sociale et Socioculturelle.<\/p>\n\n\n\n<p><a href=\"https:\/\/nonviolence.fr\/Le-MAN-fete-ses-50-ans-un-colloque-jeudi-14-novembre-a-l-Assemblee-nationale\">https:\/\/nonviolence.fr\/Le-MAN-fete-ses-50-ans-un-colloque-jeudi-14-novembre-a-l-Assemblee-nationale<\/a><\/p>\n\n\n\n<p><a href=\"https:\/\/nonviolence.fr\/Actualites-291\">https:\/\/nonviolence.fr\/Actualites-291<\/a><\/p>\n\n\n\n<figure class=\"wp-block-image size-full\"><img decoding=\"async\" loading=\"lazy\" width=\"1000\" height=\"1000\" src=\"https:\/\/chaireunesco.iut.u-bordeaux-montaigne.fr\/wp-content\/uploads\/2024\/09\/MAN.png\" alt=\"\" class=\"wp-image-229\"\/><\/figure>\n\n\n\n<hr class=\"wp-block-separator has-alpha-channel-opacity\"\/>\n\n\n\n<p><\/p>\n\n\n\n<p><\/p>\n\n\n\n<p><strong>En partenariat avec la chaire : parution d&rsquo;<em>Alternatives Non-Violentes<\/em>, juin 2023 : <\/strong><\/p>\n\n\n\n<figure class=\"wp-block-image size-full\"><img decoding=\"async\" loading=\"lazy\" width=\"600\" height=\"586\" src=\"https:\/\/chaireunesco.iut.u-bordeaux-montaigne.fr\/wp-content\/uploads\/2023\/06\/image-2.png\" alt=\"\" class=\"wp-image-154\"\/><\/figure>\n\n\n\n<h1 class=\"wp-block-heading\">Ensemble, habiter la ville<\/h1>\n\n\n\n<p><em>Ce num\u00e9ro d\u2019ANV a \u00e9t\u00e9 r\u00e9alis\u00e9 avec le concours de la \u00ab&nbsp;Chaire UNESCO Intervention sociale non-violente&nbsp;\u00bb.<\/em><\/p>\n\n\n\n<p>Les villes et les espaces urbains sont souvent connus par leurs aspects n\u00e9gatifs&nbsp;: \u00e9talement aberrant, mobilit\u00e9 d\u00e9faillante, pollution et bruit, s\u00e9gr\u00e9gations et in\u00e9galit\u00e9s, mal-logement et ins\u00e9curit\u00e9, etc. Aujourd\u2019hui, le projet urbain n\u2019est pourtant plus le m\u00eame qu\u2019hier&nbsp;: la production de la ville ne peut plus faire l\u2019impasse sur l\u2019\u00e9cologie, le bien-\u00eatre et la solidarit\u00e9.<\/p>\n\n\n\n<p>Dans ce contexte en mutation, la ville est de plus en plus consid\u00e9r\u00e9e comme un lieu de nouveaux possibles, d\u2019inventions concr\u00e8tes. Cette urbanit\u00e9 est-elle en mesure d\u2019am\u00e9liorer vraiment les relations humaines et de r\u00e9pondre aux imp\u00e9ratifs \u00e9cologiques&nbsp;? En d\u2019autres termes, le vivre ensemble non-violent est-il franchement en route&nbsp;?<\/p>\n\n\n\n<p><a href=\"https:\/\/www.alternatives-non-violentes.org\/\">https:\/\/www.alternatives-non-violentes.org\/<\/a><\/p>\n\n\n\n<p><\/p>\n\n\n\n<p><\/p>\n","protected":false},"excerpt":{"rendered":"<p>Le Mouvement pour une Alternative Non-violente (MAN) f\u00eate ses 50 ans. Un colloque se tiendra \u00e0 cette occasion le jeudi 14 novembre 2024 de 13h45 \u00e0 18h30 \u00e0 l\u2019Assembl\u00e9e nationale&nbsp;(Paris &#8211; France) sur le th\u00e8me : \u00ab&nbsp;La non-violence politique pour &hellip; <a href=\"https:\/\/chaireunesco.iut.u-bordeaux-montaigne.fr\/index.php\/actualites-des-partenaires\/\">Continue reading <span class=\"meta-nav\">&rarr;<\/span><\/a><\/p>\n","protected":false},"author":1,"featured_media":0,"parent":0,"menu_order":0,"comment_status":"closed","ping_status":"closed","template":"","meta":[],"_links":{"self":[{"href":"https:\/\/chaireunesco.iut.u-bordeaux-montaigne.fr\/index.php\/wp-json\/wp\/v2\/pages\/115"}],"collection":[{"href":"https:\/\/chaireunesco.iut.u-bordeaux-montaigne.fr\/index.php\/wp-json\/wp\/v2\/pages"}],"about":[{"href":"https:\/\/chaireunesco.iut.u-bordeaux-montaigne.fr\/index.php\/wp-json\/wp\/v2\/types\/page"}],"author":[{"embeddable":true,"href":"https:\/\/chaireunesco.iut.u-bordeaux-montaigne.fr\/index.php\/wp-json\/wp\/v2\/users\/1"}],"replies":[{"embeddable":true,"href":"https:\/\/chaireunesco.iut.u-bordeaux-montaigne.fr\/index.php\/wp-json\/wp\/v2\/comments?post=115"}],"version-history":[{"count":7,"href":"https:\/\/chaireunesco.iut.u-bordeaux-montaigne.fr\/index.php\/wp-json\/wp\/v2\/pages\/115\/revisions"}],"predecessor-version":[{"id":233,"href":"https:\/\/chaireunesco.iut.u-bordeaux-montaigne.fr\/index.php\/wp-json\/wp\/v2\/pages\/115\/revisions\/233"}],"wp:attachment":[{"href":"https:\/\/chaireunesco.iut.u-bordeaux-montaigne.fr\/index.php\/wp-json\/wp\/v2\/media?parent=115"}],"curies":[{"name":"wp","href":"https:\/\/api.w.org\/{rel}","templated":true}]}}