{"id":22,"date":"2023-06-01T12:39:30","date_gmt":"2023-06-01T12:39:30","guid":{"rendered":"https:\/\/chaireunesco.iut.u-bordeaux-montaigne.fr\/?page_id=22"},"modified":"2023-06-05T14:42:54","modified_gmt":"2023-06-05T14:42:54","slug":"college-pluridisciplinaire","status":"publish","type":"page","link":"https:\/\/chaireunesco.iut.u-bordeaux-montaigne.fr\/index.php\/college-pluridisciplinaire\/","title":{"rendered":"Coll\u00e8ge pluridisciplinaire"},"content":{"rendered":"\n<p>Au c\u0153ur du dispositif de recherche-action et de formation, le Coll\u00e8ge pluridisciplinaire regroupe l\u2019ensemble des membres des communaut\u00e9s scientifiques, p\u00e9dagogiques et professionnelles, partie-prenantes aux diff\u00e9rentes activit\u00e9s de la Chaire ISNoV. La repr\u00e9sentation est ainsi partenariale, pluridisciplinaire, pluri-institutionnelle et pluriculturelle. Ce coll\u00e8ge est le creuset des dynamiques collaborative, de recherche action, de participations aux actions de formation, qui doivent nourrir le dispositif et permettre sa p\u00e9rennisation.<\/p>\n\n\n\n<p>Par ordre alphab\u00e9tique : <\/p>\n\n\n\n<ol type=\"1\">\n<li>AREVALO Antonia, professeure, travail social, Universidad Externado de Colombia<\/li>\n\n\n\n<li>ATOUI Malika, professeure, communication, Universit\u00e9 d&rsquo;Alger 3<\/li>\n\n\n\n<li>AURORE Guyl\u00e8ne, directrice, IUT de la Guadeloupe, Universit\u00e9 des Antilles<\/li>\n\n\n\n<li>AYAD Ouided, coordinatrice de projets, association ACCOORD<\/li>\n\n\n\n<li>BAHA Bi Youzan Daniel, Professeur Titulaire de Sociologie, Doyen de l\u2019UFR-SHS \u00e0 Universit\u00e9 F\u00e9lix Houphou\u00ebt-Boigny\u00e0 Abidjan<\/li>\n\n\n\n<li>BALLO Zi\u00e9, Professeur Titulaire en Sciences Economiques, Pr\u00e9sident de l\u2019Universit\u00e9 F\u00e9lix Houphou\u00ebt-Boigny\u00e0 Abidjan<\/li>\n\n\n\n<li>BASUALTO Lorena, professeure, sciences religieuses et philosophie, Universidad Cat\u00f3lica Silva Henr\u00edquez&nbsp;de Chile<\/li>\n\n\n\n<li>BAUSSAN LOUBEAU Jacqueline, psychologie, Universit\u00e9 d\u2019Etat d\u2019Ha\u00efti, Facult\u00e9 des sciences humaines<\/li>\n\n\n\n<li>BENABED Aicha, ma\u00eetre de conf\u00e9rences, &nbsp;co-responsable de l&rsquo;unit\u00e9 de recherche en sciences sociales et sant\u00e9 (GRAS), Universit\u00e9 d&rsquo;Oran 2<\/li>\n\n\n\n<li>BEREKSI Kamel, directeur de l\u2019association Sant\u00e9 Sidi El Houari, Oran-Alg\u00e9rie<\/li>\n\n\n\n<li>BERTE Zakaria, directeur de l&rsquo;Institut P\u00e9dagogique National de l&rsquo;Enseignement Technique et Professionnel (IPNETP) \u00e0 Abidjan<\/li>\n\n\n\n<li>BERTHOMIERE William, directeur de recherche, Passages-CNRS<\/li>\n\n\n\n<li>BORDES V\u00e9ronique, professeure, sciences de l&rsquo;\u00e9ducation, Universit\u00e9 Toulouse 2<\/li>\n\n\n\n<li>BOSSIERE Diane, d\u00e9l\u00e9gu\u00e9e g\u00e9n\u00e9rale, Union Nationale des Acteurs de la Formation et de la Recherche en Intervention Sociale<\/li>\n\n\n\n<li>BOUDREAU Julie-Anne, professeure, Centre Urbanisation Culture Soci\u00e9t\u00e9, INRS, Canada<\/li>\n\n\n\n<li>BOUKHRISSA Naila Aicha, professeure, communication, Universit\u00e9 d&rsquo;Alger 3<\/li>\n\n\n\n<li>BOURDAGES-LAFLEUR Jade, professeure, Ecole de Travail social, Universit\u00e9 du Qu\u00e9bec \u00e0 Montr\u00e9al<\/li>\n\n\n\n<li>BOURY-ESNAULT Christian, Mouvement pour une alternative non-violente, interlocuteur Ekta Parishad Europe<\/li>\n\n\n\n<li>BOUYER Christine, coordinatrice de projets, association ACCOORD<\/li>\n\n\n\n<li>BRITO RODRIGUEZ Sonia, Universidad Aut\u00f3noma De Chile, Faculty of Social Sciences and Humanities<\/li>\n\n\n\n<li>CABARRUS Alberte, sciences de l\u2019\u00e9ducation, cheffe du d\u00e9partement carri\u00e8res sociales, IUT de la Guadeloupe, Universit\u00e9 des Antilles<\/li>\n\n\n\n<li>CAMPOS Joana, professeure, travail socio-\u00e9ducatif, Escola Superior de Educa\u00e7\u00e3o de Lisboa<\/li>\n\n\n\n<li>CECILE Christian, ma\u00eetre de conf\u00e9rences, anthropologie, Universit\u00e9 de Guyane &#8211; IUT de Kourou \u00e0 Cayenne&nbsp;<\/li>\n\n\n\n<li>COLLIGNON B\u00e9atrice, professeure des universit\u00e9s, g\u00e9ographie, Universit\u00e9 Bordeaux Montaigne<\/li>\n\n\n\n<li>COSANO RIVAS Francisco, secretario acad\u00e9mico, Facultad de Estudios Sociales y del Trabajo, Universidad de M\u00e1laga<\/li>\n\n\n\n<li>CROLOTTE Denys, \u00e9ducateur, formateur \u00e0 la PJJ et \u00e0 l\u2019IRTS de Lorraine, IFMAN Nord Est, Mouvement pour une alternative non-violente<\/li>\n\n\n\n<li>CRUZ Cristina, professeure, travail socio-\u00e9ducatif, Escola Superior de Educa\u00e7\u00e3o do Instituto Polit\u00e9cnico de Lisboa<\/li>\n\n\n\n<li>CZERNICHOW Pierre, pr\u00e9sident, F\u00e9d\u00e9ration 3977 de lutte contre les maltraitances<\/li>\n\n\n\n<li>Da SILVA Ana, professeure, travail social, Escola Superior de Educa\u00e7\u00e3o do Instituto Polit\u00e9cnico de Santar\u00e9m<\/li>\n\n\n\n<li>DARBELLAY Karine, professeure associ\u00e9e, sciences sociales, Haute Ecole de Travail Social, Sierre, Suisse.<\/li>\n\n\n\n<li>DE MONTGOLFIER Clotilde, ma\u00eetresse de conf\u00e9rences, sciences de gestion, Universit\u00e9-IUT Bordeaux Montaigne<\/li>\n\n\n\n<li>DEDY S\u00e9ri Faustin, Ma\u00eetre de Recherche, Socio-anthropologie du D\u00e9veloppement, Universit\u00e9 F\u00e9lix Houphou\u00ebt-Boigny\u00e0 Abidjan<\/li>\n\n\n\n<li>DI MEO Guy, professeur des universit\u00e9s \u00e9m\u00e9rite, g\u00e9ographie, Universit\u00e9 Bordeaux Montaigne<\/li>\n\n\n\n<li>DJE Bi Tchan Guillaume, Ma\u00eetre de Conf\u00e9rences, Psychologue g\u00e9n\u00e9ticien, Universit\u00e9 F\u00e9lix Houphou\u00ebt-Boigny\u00e0 Abidjan<\/li>\n\n\n\n<li>DUBERNET C\u00e9cile, professeure, science politique, Institut catholique de Paris<\/li>\n\n\n\n<li>DUFEAL Marina, ma\u00eetresse de conf\u00e9rences, g\u00e9ographie, Universit\u00e9 Bordeaux Montaigne<\/li>\n\n\n\n<li>DUGAS Eric, professeur des universit\u00e9s, sciences de l\u2019\u00e9ducation, Universit\u00e9 de Bordeaux<\/li>\n\n\n\n<li>FORT-ORTET Emilie, enseignante, Universit\u00e9-IUT Bordeaux Montaigne<\/li>\n\n\n\n<li>FUMEAUX EVEQUOZ Nicole, professeure associ\u00e9e, animation socioculturelle, Haute Ecole de Travail Social, Sierre, Suisse<\/li>\n\n\n\n<li>FURRER REY Chantal, charg\u00e9e de cours, animation socioculturelle, Haute Ecole de Travail Social, Sierre, Suisse<\/li>\n\n\n\n<li>GALA Bi Tizie Emmanuel, ma\u00eetre-assistant, Universit\u00e9 F\u00e9lix Houphou\u00ebt-Boigny d\u2019Abidjan-C\u00f4te d\u2019Ivoire<\/li>\n\n\n\n<li>GARCIA LEIVA Patricia, professeure, psychologie, Facultad de Estudios Sociales y del Trabajo, Universit\u00e9 de Malaga<\/li>\n\n\n\n<li>GARCIA Sylvia, professeure, Haute \u00e9cole de travail social, HES-SO Gen\u00e8ve<\/li>\n\n\n\n<li>GAUTIER Sabine, animatrice socio-culturelle et socio-\u00e9ducative, formatrice en insertion sociale et professionnelle, Mouvement pour une alternative non-violente<\/li>\n\n\n\n<li>GREFFIER Luc, ma\u00eetre de conf\u00e9rences, g\u00e9ographie-am\u00e9nagement, Universit\u00e9-IUT Bordeaux Montaigne<\/li>\n\n\n\n<li>HASSAINE Mohamed, ma\u00eetre de conf\u00e9rences, \u00a0co-responsable de l&rsquo;unit\u00e9 de recherche en sciences sociales et sant\u00e9 (GRAS), Universit\u00e9 d&rsquo;Oran 2<\/li>\n\n\n\n<li>HERNANDEZ Yannick, ma\u00eetre de conf\u00e9rences, sciences de l&rsquo;\u00e9ducation, Universit\u00e9-IUT Bordeaux Montaigne <\/li>\n\n\n\n<li>HOCINI Safouane, professeur, communication, Universit\u00e9 d&rsquo;Alger 3<\/li>\n\n\n\n<li>HUBERT Patrick, CPE retrait\u00e9, Mouvement pour une alternative non-violente<\/li>\n\n\n\n<li>IBA\u00d1EZ Jorge, ma\u00eetre de conf\u00e9rences associ\u00e9, Universit\u00e9-IUT Bordeaux Montaigne<\/li>\n\n\n\n<li>KARBIA Taufik, formateur IUT Bordeaux Montaigne, directeur de l\u2019ALIFS, Bordeaux<\/li>\n\n\n\n<li>KAUFFMANN Mayeul, politiste, pr\u00e9sident de l\u2019Institut de recherche sur la R\u00e9solution Non-violente des Conflits<\/li>\n\n\n\n<li>KEI Mathias, Ma\u00eetre de Conf\u00e9rences, Directeur de l\u2019Institut de Recherche, d\u2019Exp\u00e9rimentation et d\u2019Enseignement en P\u00e9dagogie (IREEP), Universit\u00e9 F\u00e9lix Houphou\u00ebt-Boigny\u00e0 Abidjan<\/li>\n\n\n\n<li>KHOURI Dana, pr\u00e9sidente de l\u2019ALIFS, Bordeaux<\/li>\n\n\n\n<li>KOUADIO Guessan, Ma\u00eetre de Conf\u00e9rences, Historien,Vice-Doyen charg\u00e9 de la P\u00e9dagogie \u00e0 l\u2019UFR-SHS \u00e0 l\u2019Universit\u00e9 F\u00e9lix Houphou\u00ebt-Boigny\u00e0 Abidja<\/li>\n\n\n\n<li>KOURI Dana, pr\u00e9sidente de l\u2019ALIFS, Bordeaux<\/li>\n\n\n\n<li>LABORDE Denis, directeur de recherche, Passages-CNRS<\/li>\n\n\n\n<li>LAFORTUNE Jean-Marie, professeur des universit\u00e9s, communication sociale, Universit\u00e9 du Qu\u00e9bec \u00e0 Montr\u00e9al<\/li>\n\n\n\n<li>LANGENEGGER ROUX Nicole, directrice, Haute Ecole de Travail social, HES-SO Valais-Wallis<\/li>\n\n\n\n<li>LAUGAA Didier, ma\u00eetre de conf\u00e9rences, psychologie, Universit\u00e9-IUT Bordeaux Montaigne<\/li>\n\n\n\n<li>LE CAMPION Gr\u00e9goire, ing\u00e9nieur d\u2019\u00e9tudes, Passages-CNRS<\/li>\n\n\n\n<li>LIBOIS Jo\u00eblle, professeure, directrice de la Haute \u00e9cole de travail social, HES-SO Gen\u00e8ve<\/li>\n\n\n\n<li>LYNN Francesca, enseignante PRAG, Universit\u00e9-IUT Bordeaux Montaigne&nbsp;<\/li>\n\n\n\n<li>Massieu Fran\u00e7oise, pr\u00e9sidente de l\u2019ACNV France, membre du Bureau de Non-Violence XXI<\/li>\n\n\n\n<li>MAWAD Rima, directrice, Ecole libanaise de formation sociale.<\/li>\n\n\n\n<li>MAZAEF Chantal, directrice g\u00e9n\u00e9rale, Ecole sup\u00e9rieure de praxis sociale, Mulhouse<\/li>\n\n\n\n<li>MOIGNARD Benjamin, professeur, sciences de l\u2019\u00e9ducation, Universit\u00e9 Cergy-Paris, directeur de l\u2019OUIEP<\/li>\n\n\n\n<li>NDIAYE Abdourahmane, ma\u00eetre de conf\u00e9rences, science \u00e9conomique, Universit\u00e9-IUT Bordeaux Montaigne<\/li>\n\n\n\n<li>NU\u00d1EZ POBLETE Rodrigo, directeur du d\u00e9partement de philosophie, Universidad Cat\u00f3lica Silva Henr\u00edquez&nbsp;de Chile<\/li>\n\n\n\n<li>OTT Herv\u00e9, formateur, ATCC institut<\/li>\n\n\n\n<li>PETO Dani\u00e8le, directrice de la recherche, ISFSC de la Haute Ecole ICHEC-ECAM-ISFSC<\/li>\n\n\n\n<li>PINEL Jean-Pierre, professeur des universit\u00e9s, psychopathologie sociale, Universit\u00e9 Paris-13<\/li>\n\n\n\n<li>PISSOAT Olivier, Ing\u00e9nieur d\u2019\u00e9tudes, Passages-CNRS<\/li>\n\n\n\n<li>POUCHADON Marie-Laure, ma\u00eetresse de conf\u00e9rences, sociologie, Universit\u00e9-IUT Bordeaux Montaigne<\/li>\n\n\n\n<li>REZKI Francois, ma\u00eetre de conf\u00e9rences associ\u00e9, IUT de Cayenne-Universit\u00e9 de Guyane, FNES<\/li>\n\n\n\n<li>RUBI St\u00e9phanie, professeure des universit\u00e9s, sciences de l\u2019\u00e9ducation, Universit\u00e9 Paris Descartes<\/li>\n\n\n\n<li>SALINAS KRALJEVICH Pablo, ing\u00e9nieur d\u2019\u00e9tudes, Passages-CNRS<\/li>\n\n\n\n<li>SEHI Bi Tra Jamal, enseignant-Chercheur, Universit\u00e9 F\u00e9lix Houphou\u00ebt-Boigny d\u2019Abidjan-Cocody, Laboratoire d\u2019Etudes et de Recherches Interdisciplinaires en Sciences Sociales (LERISS)<\/li>\n\n\n\n<li>SOLYSZKO Izabel, professeure, travail social, Universidad Externado de Colombia<\/li>\n\n\n\n<li>STEWART Michelle, professeure des universit\u00e9s, communication sociale, Universit\u00e9 du Qu\u00e9bec \u00e0 Montr\u00e9al<\/li>\n\n\n\n<li>TANNOUS JOMAA Maryse, professeure, Ecole Libanaise de Formation Sociale, pr\u00e9sidente de l\u2019Association Internationale pour la Formation, la Recherche et l\u2019Intervention Sociale.<\/li>\n\n\n\n<li>THUEL Eric, directeur g\u00e9n\u00e9ral adjoint, association ACCOORD<\/li>\n\n\n\n<li>TOH Alain, Ma\u00eetre de Conf\u00e9rences,Chef de D\u00e9partement de Sociologie \u00e0 l\u2019Universit\u00e9 F\u00e9lix Houphou\u00ebt-Boigny<\/li>\n\n\n\n<li>TOZZI Michel, professeur \u00e9m\u00e9rite, sciences de l\u2019\u00e9ducation, Universit\u00e9 Montpellier Paul Val\u00e9ry<\/li>\n\n\n\n<li>TOZZI Pascal, professeur des universit\u00e9s, science politique, am\u00e9nagement et urbanisme, IUT-Universit\u00e9 Bordeaux Montaigne, pr\u00e9sident du R\u00e9seau International de l\u2019Animation<\/li>\n\n\n\n<li>VALERE J\u00e9r\u00f4me, Directeur territorial adjoint PJJ Poitou-Charentes, Minist\u00e8re de la Justice.<\/li>\n\n\n\n<li>VILLET Cyril, sociologue, formateur, Ecole sup\u00e9rieure de praxis sociale, Mulhouse<\/li>\n\n\n\n<li>VOHLGEMUTH Laurence, professeure, travail socio-\u00e9ducatif, Escola Superior de Educa\u00e7\u00e3o do Instituto Polit\u00e9cnico de Lisboa<\/li>\n\n\n\n<li>WANDELER Bernard, professeur, travail social, Institut f\u00fcr Soziokulturelle Entwicklung, Hochschule Luzern<\/li>\n\n\n\n<li>WHAIBE Nabil, formateur, Ecole libanaise de formation sociale<\/li>\n\n\n\n<li>YOUNAN Ogarit, enseignante-chercheuse, sociologie, fondatrice de l\u2019Academic University College for Non-violence and Human Rights&nbsp; &#8211; Liban<\/li>\n\n\n\n<li>ZAFFRAN Jo\u00ebl, professeur des universit\u00e9s, sociologie, Universit\u00e9 de Bordeaux<\/li>\n\n\n\n<li>ZAKARIA Hocine, docteur, Universit\u00e9 Alger 3<\/li>\n<\/ol>\n\n\n\n<p><\/p>\n","protected":false},"excerpt":{"rendered":"<p>Au c\u0153ur du dispositif de recherche-action et de formation, le Coll\u00e8ge pluridisciplinaire regroupe l\u2019ensemble des membres des communaut\u00e9s scientifiques, p\u00e9dagogiques et professionnelles, partie-prenantes aux diff\u00e9rentes activit\u00e9s de la Chaire ISNoV. La repr\u00e9sentation est ainsi partenariale, pluridisciplinaire, pluri-institutionnelle et pluriculturelle. Ce &hellip; <a href=\"https:\/\/chaireunesco.iut.u-bordeaux-montaigne.fr\/index.php\/college-pluridisciplinaire\/\">Continue reading <span class=\"meta-nav\">&rarr;<\/span><\/a><\/p>\n","protected":false},"author":1,"featured_media":0,"parent":0,"menu_order":0,"comment_status":"closed","ping_status":"closed","template":"","meta":[],"_links":{"self":[{"href":"https:\/\/chaireunesco.iut.u-bordeaux-montaigne.fr\/index.php\/wp-json\/wp\/v2\/pages\/22"}],"collection":[{"href":"https:\/\/chaireunesco.iut.u-bordeaux-montaigne.fr\/index.php\/wp-json\/wp\/v2\/pages"}],"about":[{"href":"https:\/\/chaireunesco.iut.u-bordeaux-montaigne.fr\/index.php\/wp-json\/wp\/v2\/types\/page"}],"author":[{"embeddable":true,"href":"https:\/\/chaireunesco.iut.u-bordeaux-montaigne.fr\/index.php\/wp-json\/wp\/v2\/users\/1"}],"replies":[{"embeddable":true,"href":"https:\/\/chaireunesco.iut.u-bordeaux-montaigne.fr\/index.php\/wp-json\/wp\/v2\/comments?post=22"}],"version-history":[{"count":5,"href":"https:\/\/chaireunesco.iut.u-bordeaux-montaigne.fr\/index.php\/wp-json\/wp\/v2\/pages\/22\/revisions"}],"predecessor-version":[{"id":132,"href":"https:\/\/chaireunesco.iut.u-bordeaux-montaigne.fr\/index.php\/wp-json\/wp\/v2\/pages\/22\/revisions\/132"}],"wp:attachment":[{"href":"https:\/\/chaireunesco.iut.u-bordeaux-montaigne.fr\/index.php\/wp-json\/wp\/v2\/media?parent=22"}],"curies":[{"name":"wp","href":"https:\/\/api.w.org\/{rel}","templated":true}]}}